{"id":16486,"date":"2026-08-04T01:23:48","date_gmt":"2026-08-03T23:23:48","guid":{"rendered":"https:\/\/lumenus.fr\/?page_id=16486"},"modified":"2026-08-04T01:46:49","modified_gmt":"2026-08-03T23:46:49","slug":"la-collab","status":"publish","type":"page","link":"https:\/\/lumenus.fr\/en\/la-collab\/","title":{"rendered":"Lumenus X Optique"},"content":{"rendered":"<div data-elementor-type=\"wp-page\" data-elementor-id=\"16486\" class=\"elementor elementor-16486\" data-elementor-post-type=\"page\">\n\t\t\t\t<div class=\"elementor-element elementor-element-6065a4b e-con-full e-flex e-con e-parent\" data-id=\"6065a4b\" data-element_type=\"container\" data-e-type=\"container\" data-settings=\"{&quot;background_background&quot;:&quot;classic&quot;}\">\n\t\t\t\t<div class=\"elementor-element elementor-element-1972cfa elementor-widget__width-inherit elementor-widget-mobile__width-initial elementor-widget elementor-widget-heading\" data-id=\"1972cfa\" data-element_type=\"widget\" data-e-type=\"widget\" data-widget_type=\"heading.default\">\n\t\t\t\t<div class=\"elementor-widget-container\">\n\t\t\t\t\t<h1 class=\"elementor-heading-title elementor-size-default\">Optical Expertise behind One-of-a-Kind sunglasses<\/h1>\t\t\t\t<\/div>\n\t\t\t\t<\/div>\n\t\t<div class=\"elementor-element elementor-element-ef51ef6 e-con-full e-flex e-con e-child\" data-id=\"ef51ef6\" data-element_type=\"container\" data-e-type=\"container\" data-settings=\"{&quot;background_background&quot;:&quot;classic&quot;}\">\n\t\t\t\t<div class=\"elementor-element elementor-element-25cfb12 elementor-widget elementor-widget-image\" data-id=\"25cfb12\" data-element_type=\"widget\" data-e-type=\"widget\" data-widget_type=\"image.default\">\n\t\t\t\t<div class=\"elementor-widget-container\">\n\t\t\t\t\t\t\t\t\t\t\t\t\t\t\t<img decoding=\"async\" width=\"600\" height=\"80\" src=\"https:\/\/lumenus.fr\/wp-content\/uploads\/2025\/09\/logo-LUMENUS-x-DE-STIJL-blanc.png\" class=\"attachment-full size-full wp-image-7206\" alt=\"\" srcset=\"https:\/\/lumenus.fr\/wp-content\/uploads\/2025\/09\/logo-LUMENUS-x-DE-STIJL-blanc.png 600w, https:\/\/lumenus.fr\/wp-content\/uploads\/2025\/09\/logo-LUMENUS-x-DE-STIJL-blanc-300x40.png 300w, https:\/\/lumenus.fr\/wp-content\/uploads\/2025\/09\/logo-LUMENUS-x-DE-STIJL-blanc-80x11.png 80w\" sizes=\"(max-width: 600px) 100vw, 600px\" \/>\t\t\t\t\t\t\t\t\t\t\t\t\t\t\t<\/div>\n\t\t\t\t<\/div>\n\t\t<div class=\"elementor-element elementor-element-43ab59e e-con-full e-flex e-con e-child\" data-id=\"43ab59e\" data-element_type=\"container\" data-e-type=\"container\">\n\t\t\t\t<div class=\"elementor-element elementor-element-9163c23 elementor-button-info elementor-align-center elementor-widget__width-auto elementor-widget-mobile__width-initial cta-hero-creations elementor-widget elementor-widget-button\" data-id=\"9163c23\" data-element_type=\"widget\" data-e-type=\"widget\" data-widget_type=\"button.default\">\n\t\t\t\t<div class=\"elementor-widget-container\">\n\t\t\t\t\t\t\t\t\t<div class=\"elementor-button-wrapper\">\n\t\t\t\t\t<a class=\"elementor-button elementor-button-link elementor-size-sm\" href=\"\/en\/boutique-lumenus\/\">\n\t\t\t\t\t\t<span class=\"elementor-button-content-wrapper\">\n\t\t\t\t\t\t\t\t\t<span class=\"elementor-button-text\">Discover our pieces<\/span>\n\t\t\t\t\t<\/span>\n\t\t\t\t\t<\/a>\n\t\t\t\t<\/div>\n\t\t\t\t\t\t\t\t<\/div>\n\t\t\t\t<\/div>\n\t\t\t\t<\/div>\n\t\t\t\t<\/div>\n\t\t\t\t<\/div>\n\t\t<div class=\"elementor-element elementor-element-ae25a30 e-flex e-con-boxed e-con e-parent\" data-id=\"ae25a30\" data-element_type=\"container\" data-e-type=\"container\" data-settings=\"{&quot;background_background&quot;:&quot;classic&quot;}\">\n\t\t\t\t\t<div class=\"e-con-inner\">\n\t\t\t\t<div class=\"elementor-element elementor-element-8fbaddb elementor-widget-mobile__width-initial elementor-widget elementor-widget-heading\" data-id=\"8fbaddb\" data-element_type=\"widget\" data-e-type=\"widget\" data-widget_type=\"heading.default\">\n\t\t\t\t<div class=\"elementor-widget-container\">\n\t\t\t\t\t<h2 class=\"elementor-heading-title elementor-size-default\">Technology, optical expertise, and a network of opticians across France and Switzerland, made possible through De Stijl \u2014 manufacturer and distributor of optical frames.<\/h2>\t\t\t\t<\/div>\n\t\t\t\t<\/div>\n\t\t\t\t<div class=\"elementor-element elementor-element-fb92908 elementor-widget__width-initial elementor-widget elementor-widget-text-editor\" data-id=\"fb92908\" data-element_type=\"widget\" data-e-type=\"widget\" data-widget_type=\"text-editor.default\">\n\t\t\t\t<div class=\"elementor-widget-container\">\n\t\t\t\t\t\t\t\t\t<p>A one-of-a-kind piece demands absolute precision.<br \/>Through our collaboration with De Stijl, each Lumenus frame benefits from advanced optical engineering: a patented De Stijl hinge ensuring long-term stability, and an extensive network of partner opticians guaranteeing perfect lens alignment.\nThe unique meets technical excellence.<\/p>\t\t\t\t\t\t\t\t<\/div>\n\t\t\t\t<\/div>\n\t\t\t\t\t<\/div>\n\t\t\t\t<\/div>\n\t\t<div class=\"elementor-element elementor-element-ca81577 e-flex e-con-boxed e-con e-parent\" data-id=\"ca81577\" data-element_type=\"container\" data-e-type=\"container\" data-settings=\"{&quot;background_background&quot;:&quot;classic&quot;}\">\n\t\t\t\t\t<div class=\"e-con-inner\">\n\t\t<div class=\"elementor-element elementor-element-b672420 e-con-full e-flex e-con e-child\" data-id=\"b672420\" data-element_type=\"container\" data-e-type=\"container\" data-settings=\"{&quot;background_background&quot;:&quot;classic&quot;}\">\n\t\t\t\t<div class=\"elementor-element elementor-element-41dfb62 elementor-widget__width-inherit elementor-widget elementor-widget-heading\" data-id=\"41dfb62\" data-element_type=\"widget\" data-e-type=\"widget\" data-widget_type=\"heading.default\">\n\t\t\t\t<div class=\"elementor-widget-container\">\n\t\t\t\t\t<h2 class=\"elementor-heading-title elementor-size-default\">Prescription lenses for your Lumenus frame<\/h2>\t\t\t\t<\/div>\n\t\t\t\t<\/div>\n\t\t<div class=\"elementor-element elementor-element-855da8b e-con-full e-flex e-con e-child\" data-id=\"855da8b\" data-element_type=\"container\" data-e-type=\"container\">\n\t\t<div class=\"elementor-element elementor-element-1b0e611 e-con-full e-flex e-con e-child\" data-id=\"1b0e611\" data-element_type=\"container\" data-e-type=\"container\" data-settings=\"{&quot;background_background&quot;:&quot;classic&quot;}\">\n\t\t\t\t<\/div>\n\t\t<div class=\"elementor-element elementor-element-f18aa6e e-con-full e-flex e-con e-child\" data-id=\"f18aa6e\" data-element_type=\"container\" data-e-type=\"container\">\n\t\t\t\t<div class=\"elementor-element elementor-element-5e9cded elementor-widget__width-initial elementor-widget elementor-widget-text-editor\" data-id=\"5e9cded\" data-element_type=\"widget\" data-e-type=\"widget\" data-widget_type=\"text-editor.default\">\n\t\t\t\t<div class=\"elementor-widget-container\">\n\t\t\t\t\t\t\t\t\t<p>Through our network of De Stijl partner opticians, we can connect you \u2014 upon request \u2014 with the nearest optician to fit your Lumenus frame with prescription lenses.<\/p>\t\t\t\t\t\t\t\t<\/div>\n\t\t\t\t<\/div>\n\t\t\t\t<div class=\"elementor-element elementor-element-39a8233 elementor-hidden-tablet elementor-hidden-mobile elementor-widget elementor-widget-text-editor\" data-id=\"39a8233\" data-element_type=\"widget\" data-e-type=\"widget\" data-widget_type=\"text-editor.default\">\n\t\t\t\t<div class=\"elementor-widget-container\">\n\t\t\t\t\t\t\t\t\t<ol><li data-start=\"5073\" data-end=\"5094\"><p data-start=\"5076\" data-end=\"5094\">Order your frame online<\/p><\/li><li data-start=\"5095\" data-end=\"5136\"><p data-start=\"5098\" data-end=\"5136\">Upon request, we provide the contact details of a partner optician near you.\u00a0<\/p><\/li><li data-start=\"5137\" data-end=\"5163\"><p data-start=\"5140\" data-end=\"5163\">You schedule an appointment and define your vision correction needs.<\/p><\/li><li data-start=\"5164\" data-end=\"5185\"><p data-start=\"5167\" data-end=\"5185\">Our optician provides a quote, fits the lenses, and adjusts the frame to your face.<\/p><\/li><\/ol>\t\t\t\t\t\t\t\t<\/div>\n\t\t\t\t<\/div>\n\t\t\t\t<div class=\"elementor-element elementor-element-fe94b87 elementor-button-info elementor-align-center elementor-widget__width-auto elementor-widget-mobile__width-inherit elementor-widget elementor-widget-button\" data-id=\"fe94b87\" data-element_type=\"widget\" data-e-type=\"widget\" data-widget_type=\"button.default\">\n\t\t\t\t<div class=\"elementor-widget-container\">\n\t\t\t\t\t\t\t\t\t<div class=\"elementor-button-wrapper\">\n\t\t\t\t\t<a class=\"elementor-button elementor-button-link elementor-size-sm\" href=\"#elementor-action%3Aaction%3Dpopup%3Aopen%26settings%3DeyJpZCI6IjM1MjMiLCJ0b2dnbGUiOmZhbHNlfQ%3D%3D\">\n\t\t\t\t\t\t<span class=\"elementor-button-content-wrapper\">\n\t\t\t\t\t\t<span class=\"elementor-button-icon\">\n\t\t\t\t<i aria-hidden=\"true\" class=\"far fa-calendar-alt\"><\/i>\t\t\t<\/span>\n\t\t\t\t\t\t\t\t\t<span class=\"elementor-button-text\">Find a partner optician <\/span>\n\t\t\t\t\t<\/span>\n\t\t\t\t\t<\/a>\n\t\t\t\t<\/div>\n\t\t\t\t\t\t\t\t<\/div>\n\t\t\t\t<\/div>\n\t\t\t\t<\/div>\n\t\t\t\t<\/div>\n\t\t\t\t<\/div>\n\t\t<div class=\"elementor-element elementor-element-30bc676 e-flex e-con-boxed e-con e-child\" data-id=\"30bc676\" data-element_type=\"container\" data-e-type=\"container\" data-settings=\"{&quot;background_background&quot;:&quot;classic&quot;}\">\n\t\t\t\t\t<div class=\"e-con-inner\">\n\t\t\t\t<div class=\"elementor-element elementor-element-7203282 elementor-widget__width-inherit elementor-widget elementor-widget-heading\" data-id=\"7203282\" data-element_type=\"widget\" data-e-type=\"widget\" data-widget_type=\"heading.default\">\n\t\t\t\t<div class=\"elementor-widget-container\">\n\t\t\t\t\t<h2 class=\"elementor-heading-title elementor-size-default\"> The patented, screwless De Stijl hinge \u2014 proven over time.<\/h2>\t\t\t\t<\/div>\n\t\t\t\t<\/div>\n\t\t<div class=\"elementor-element elementor-element-6a37f12 e-con-full e-flex e-con e-child\" data-id=\"6a37f12\" data-element_type=\"container\" data-e-type=\"container\">\n\t\t<div class=\"elementor-element elementor-element-0cae5c0 e-con-full e-flex e-con e-child\" data-id=\"0cae5c0\" data-element_type=\"container\" data-e-type=\"container\" data-settings=\"{&quot;background_background&quot;:&quot;classic&quot;}\">\n\t\t\t\t<\/div>\n\t\t<div class=\"elementor-element elementor-element-30a292c e-con-full e-flex e-con e-child\" data-id=\"30a292c\" data-element_type=\"container\" data-e-type=\"container\">\n\t\t\t\t<div class=\"elementor-element elementor-element-20bb0af elementor-widget__width-initial elementor-widget elementor-widget-text-editor\" data-id=\"20bb0af\" data-element_type=\"widget\" data-e-type=\"widget\" data-widget_type=\"text-editor.default\">\n\t\t\t\t<div class=\"elementor-widget-container\">\n\t\t\t\t\t\t\t\t\t<p>Lumenus creates one-of-a-kind sunglasses \u2014 unique pieces, conceived as works of art.<\/p><p>Since 2011, De Stijl \u2014 a leading eyewear maker \u2014 has designed and manufactured around 15,000 optical frames each year, distributed through independent opticians.\u00a0<\/p><p>Together, we combine technical excellence (patented hinge, durability, reparability) with a fully expressed singularity.<\/p>\t\t\t\t\t\t\t\t<\/div>\n\t\t\t\t<\/div>\n\t\t\t\t<div class=\"elementor-element elementor-element-cddb231 elementor-hidden-tablet elementor-hidden-mobile elementor-widget elementor-widget-text-editor\" data-id=\"cddb231\" data-element_type=\"widget\" data-e-type=\"widget\" data-widget_type=\"text-editor.default\">\n\t\t\t\t<div class=\"elementor-widget-container\">\n\t\t\t\t\t\t\t\t\t<ul><li data-start=\"1988\" data-end=\"2043\"><p data-start=\"1990\" data-end=\"2043\">Renowned eyewear maker, distributed through independent optical networks<\/p><\/li><li data-start=\"2046\" data-end=\"2091\"><p data-start=\"2048\" data-end=\"2091\">Patented hinge (2011), stainless steel, screwless \u2014 proven by over 150,000 wearers\u00a0<\/p><\/li><li data-start=\"2094\" data-end=\"2119\"><p data-start=\"2096\" data-end=\"2119\">12,000\u201315,000 frames per year: consistency and rigorous quality control<\/p><\/li><\/ul>\t\t\t\t\t\t\t\t<\/div>\n\t\t\t\t<\/div>\n\t\t\t\t<\/div>\n\t\t\t\t<\/div>\n\t\t\t\t\t<\/div>\n\t\t\t\t<\/div>\n\t\t\t\t\t<\/div>\n\t\t\t\t<\/div>\n\t\t<div class=\"elementor-element elementor-element-ac745f8 e-flex e-con-boxed e-con e-parent\" data-id=\"ac745f8\" data-element_type=\"container\" data-e-type=\"container\">\n\t\t\t\t\t<div class=\"e-con-inner\">\n\t\t\t\t<div class=\"elementor-element elementor-element-fed78db elementor-widget elementor-widget-heading\" data-id=\"fed78db\" data-element_type=\"widget\" data-e-type=\"widget\" data-widget_type=\"heading.default\">\n\t\t\t\t<div class=\"elementor-widget-container\">\n\t\t\t\t\t<h2 class=\"elementor-heading-title elementor-size-default\">De Stijl \u2014 an eyewear story<\/h2>\t\t\t\t<\/div>\n\t\t\t\t<\/div>\n\t\t<div class=\"elementor-element elementor-element-91a3978 e-con-full e-flex e-con e-child\" data-id=\"91a3978\" data-element_type=\"container\" data-e-type=\"container\">\n\t\t<div class=\"elementor-element elementor-element-99fc443 e-con-full e-flex e-con e-child\" data-id=\"99fc443\" data-element_type=\"container\" data-e-type=\"container\" data-settings=\"{&quot;background_background&quot;:&quot;classic&quot;}\">\n\t\t\t\t<\/div>\n\t\t<div class=\"elementor-element elementor-element-44e6020 e-con-full e-flex e-con e-child\" data-id=\"44e6020\" data-element_type=\"container\" data-e-type=\"container\">\n\t\t\t\t<div class=\"elementor-element elementor-element-cb96866 elementor-widget elementor-widget-text-editor\" data-id=\"cb96866\" data-element_type=\"widget\" data-e-type=\"widget\" data-widget_type=\"text-editor.default\">\n\t\t\t\t<div class=\"elementor-widget-container\">\n\t\t\t\t\t\t\t\t\t<p id=\"tw-target-text\" dir=\"ltr\" data-placeholder=\"Traduction\" aria-label=\"Texte traduit\u00a0: \u00c0 PROPOS DE NOUS C'est l'histoire d'une passion pour des produits intelligents, cr\u00e9atifs et esth\u00e9tiques. 'est l'histoire de rencontres et de collaborations avec des personnes du monde entier. C'est la qu\u00eate d'un certain art de vivre, le m\u00e9lange de cultures fortes du design, l'entrepreneuriat en Europe et le rassemblement de personnes partageant la m\u00eame vision. C'est l'histoire d'amiti\u00e9 et de confiance. Nous travaillons dur. Nous aimons ce que nous faisons. Nous suivons notre propre style et ce qui est important pour nous. C'est une belle histoire, et c'est la n\u00f4tre\u00a0!\" data-ved=\"2ahUKEwj0grLm_KiPAxWuUaQEHf21PN0Q3ewLegQIDRAV\"><span lang=\"fr\">It is<\/span><span lang=\"fr\"> a story of passion for intelligent, creative, and aesthetic products.<br \/>It is a story of encounters and collaborations with people from around the world \u2014 a pursuit of a certain way of living, blending strong design cultures, European entrepreneurship, and a community united by a shared vision.<br \/>It is a story of friendship and trust.<br \/>We work hard. We love what we do.<br \/>We follow our own path \u2014 guided by what truly matters to us. <\/span><\/p>\t\t\t\t\t\t\t\t<\/div>\n\t\t\t\t<\/div>\n\t\t\t\t<div class=\"elementor-element elementor-element-7ccf482 elementor-widget elementor-widget-text-editor\" data-id=\"7ccf482\" data-element_type=\"widget\" data-e-type=\"widget\" data-widget_type=\"text-editor.default\">\n\t\t\t\t<div class=\"elementor-widget-container\">\n\t\t\t\t\t\t\t\t\t<ul><li data-start=\"4398\" data-end=\"4423\"><p data-start=\"4400\" data-end=\"4423\">2006: Eurovisie is founded<\/p><\/li><li data-start=\"4424\" data-end=\"4449\"><p data-start=\"4426\" data-end=\"4449\">2007 \u2014 First collections: Youpi, You\u2019s, De Stijl<\/p><\/li><li data-start=\"4450\" data-end=\"4479\"><p data-start=\"4452\" data-end=\"4479\">2011 \u2014 Patented hinge<\/p><\/li><li data-start=\"4480\" data-end=\"4512\"><p data-start=\"4482\" data-end=\"4512\">Expansion of the optician network<\/p><\/li><li data-start=\"4513\" data-end=\"4555\"><p data-start=\"4515\" data-end=\"4555\">Today \u2014 an international reference in design and quality\u00a0<\/p><\/li><\/ul>\t\t\t\t\t\t\t\t<\/div>\n\t\t\t\t<\/div>\n\t\t\t\t<div class=\"elementor-element elementor-element-7492ad5 elementor-widget elementor-widget-text-editor\" data-id=\"7492ad5\" data-element_type=\"widget\" data-e-type=\"widget\" data-widget_type=\"text-editor.default\">\n\t\t\t\t<div class=\"elementor-widget-container\">\n\t\t\t\t\t\t\t\t\t<p><a href=\"https:\/\/www.destijlholland1924.com\/\">Discover the De Stijl optical collection<\/a><\/p>\t\t\t\t\t\t\t\t<\/div>\n\t\t\t\t<\/div>\n\t\t\t\t<\/div>\n\t\t\t\t<\/div>\n\t\t\t\t\t<\/div>\n\t\t\t\t<\/div>\n\t\t<div class=\"elementor-element elementor-element-597a4d6 e-con-full e-flex e-con e-parent\" data-id=\"597a4d6\" data-element_type=\"container\" data-e-type=\"container\" data-settings=\"{&quot;background_background&quot;:&quot;classic&quot;}\">\n\t\t\t\t<div class=\"elementor-element elementor-element-8a09733 elementor-button-info elementor-align-center elementor-widget__width-auto elementor-widget-mobile__width-initial cta-hero-creations elementor-widget elementor-widget-button\" data-id=\"8a09733\" data-element_type=\"widget\" data-e-type=\"widget\" data-widget_type=\"button.default\">\n\t\t\t\t<div class=\"elementor-widget-container\">\n\t\t\t\t\t\t\t\t\t<div class=\"elementor-button-wrapper\">\n\t\t\t\t\t<a class=\"elementor-button elementor-button-link elementor-size-sm\" href=\"\/en\/boutique-lumenus\/\">\n\t\t\t\t\t\t<span class=\"elementor-button-content-wrapper\">\n\t\t\t\t\t\t\t\t\t<span class=\"elementor-button-text\">Discover our one-of-a-kind pieces<\/span>\n\t\t\t\t\t<\/span>\n\t\t\t\t\t<\/a>\n\t\t\t\t<\/div>\n\t\t\t\t\t\t\t\t<\/div>\n\t\t\t\t<\/div>\n\t\t\t\t<div class=\"elementor-element elementor-element-6a32952 elementor-widget elementor-widget-heading\" data-id=\"6a32952\" data-element_type=\"widget\" data-e-type=\"widget\" data-widget_type=\"heading.default\">\n\t\t\t\t<div class=\"elementor-widget-container\">\n\t\t\t\t\t<h2 class=\"elementor-heading-title elementor-size-default\">Ready to begin?<\/h2>\t\t\t\t<\/div>\n\t\t\t\t<\/div>\n\t\t\t\t<div class=\"elementor-element elementor-element-7a9c5ef elementor-button-info elementor-align-center elementor-widget__width-auto elementor-widget-mobile__width-initial cta-hero-creations elementor-widget elementor-widget-button\" data-id=\"7a9c5ef\" data-element_type=\"widget\" data-e-type=\"widget\" data-widget_type=\"button.default\">\n\t\t\t\t<div class=\"elementor-widget-container\">\n\t\t\t\t\t\t\t\t\t<div class=\"elementor-button-wrapper\">\n\t\t\t\t\t<a class=\"elementor-button elementor-button-link elementor-size-sm\" href=\"http:\/\/lumenus.fr\/en\/lexperience-lumenus\/\">\n\t\t\t\t\t\t<span class=\"elementor-button-content-wrapper\">\n\t\t\t\t\t\t\t\t\t<span class=\"elementor-button-text\">Create your own piece with us<\/span>\n\t\t\t\t\t<\/span>\n\t\t\t\t\t<\/a>\n\t\t\t\t<\/div>\n\t\t\t\t\t\t\t\t<\/div>\n\t\t\t\t<\/div>\n\t\t\t\t<\/div>\n\t\t<div class=\"elementor-element elementor-element-3623601 e-flex e-con-boxed e-con e-parent\" data-id=\"3623601\" data-element_type=\"container\" data-e-type=\"container\">\n\t\t\t\t\t<div class=\"e-con-inner\">\n\t\t\t\t<div class=\"elementor-element elementor-element-76f896d elementor-widget__width-inherit elementor-widget elementor-widget-image\" data-id=\"76f896d\" data-element_type=\"widget\" data-e-type=\"widget\" data-widget_type=\"image.default\">\n\t\t\t\t<div class=\"elementor-widget-container\">\n\t\t\t\t\t\t\t\t\t\t\t\t\t\t\t<img fetchpriority=\"high\" decoding=\"async\" width=\"856\" height=\"856\" src=\"https:\/\/lumenus.fr\/wp-content\/uploads\/2025\/03\/collab-3D-hinge.jpg\" class=\"attachment-full size-full wp-image-1062\" alt=\"\" srcset=\"https:\/\/lumenus.fr\/wp-content\/uploads\/2025\/03\/collab-3D-hinge.jpg 856w, https:\/\/lumenus.fr\/wp-content\/uploads\/2025\/03\/collab-3D-hinge-100x100.jpg 100w, https:\/\/lumenus.fr\/wp-content\/uploads\/2025\/03\/collab-3D-hinge-300x300.jpg 300w, https:\/\/lumenus.fr\/wp-content\/uploads\/2025\/03\/collab-3D-hinge-150x150.jpg 150w, https:\/\/lumenus.fr\/wp-content\/uploads\/2025\/03\/collab-3D-hinge-768x768.jpg 768w, https:\/\/lumenus.fr\/wp-content\/uploads\/2025\/03\/collab-3D-hinge-600x600.jpg 600w\" sizes=\"(max-width: 856px) 100vw, 856px\" \/>\t\t\t\t\t\t\t\t\t\t\t\t\t\t\t<\/div>\n\t\t\t\t<\/div>\n\t\t\t\t\t<\/div>\n\t\t\t\t<\/div>\n\t\t\t\t<\/div>","protected":false},"excerpt":{"rendered":"<p>Avec De Stijl, fabricant reconnu de l\u2019optique, Lumenus s\u2019appuie sur un savoir-faire technique et un r\u00e9seau d\u2019opticiens ind\u00e9pendants.<\/p>","protected":false},"author":2,"featured_media":1311,"parent":0,"menu_order":0,"comment_status":"closed","ping_status":"closed","template":"","meta":{"footnotes":""},"class_list":["post-16486","page","type-page","status-publish","has-post-thumbnail","hentry"],"yoast_head":"<!-- This site is optimized with the Yoast SEO plugin v28.4 - https:\/\/yoast.com\/product\/yoast-seo-wordpress\/ -->\n<title>Lumenus X Optique - verres correcteurs | Collaboration De Stijl<\/title>\n<meta name=\"description\" content=\"Lunettes de soleil adaptables en verres correcteurs gr\u00e2ce \u00e0 la technicit\u00e9 optique De Stijl : charni\u00e8re brevet\u00e9e centrage pr\u00e9cis et r\u00e9seau d\u2019opticiens partenaires \u00e9tendu. Une collaboration De Stijl qui fait du sens.\" \/>\n<meta name=\"robots\" content=\"index, follow, max-snippet:-1, max-image-preview:large, max-video-preview:-1\" \/>\n<link rel=\"canonical\" href=\"https:\/\/lumenus.fr\/en\/la-collab\/\" \/>\n<meta property=\"og:locale\" content=\"en_US\" \/>\n<meta property=\"og:type\" content=\"article\" \/>\n<meta property=\"og:title\" content=\"Lumenus X Optique - verres correcteurs | Collaboration De Stijl\" \/>\n<meta property=\"og:description\" content=\"Lunettes de soleil adaptables en verres correcteurs gr\u00e2ce \u00e0 la technicit\u00e9 optique De Stijl : charni\u00e8re brevet\u00e9e centrage pr\u00e9cis et r\u00e9seau d\u2019opticiens partenaires \u00e9tendu. Une collaboration De Stijl qui fait du sens.\" \/>\n<meta property=\"og:url\" content=\"https:\/\/lumenus.fr\/en\/la-collab\/\" \/>\n<meta property=\"og:site_name\" content=\"Lumenus\" \/>\n<meta property=\"article:modified_time\" content=\"2026-08-03T23:46:49+00:00\" \/>\n<meta property=\"og:image\" content=\"https:\/\/lumenus.fr\/wp-content\/uploads\/2025\/09\/logo-LUMENUS-x-DE-STIJL-orange.png\" \/>\n\t<meta property=\"og:image:width\" content=\"600\" \/>\n\t<meta property=\"og:image:height\" content=\"80\" \/>\n\t<meta property=\"og:image:type\" content=\"image\/png\" \/>\n<meta name=\"twitter:card\" content=\"summary_large_image\" \/>\n<meta name=\"twitter:label1\" content=\"Est. reading time\" \/>\n\t<meta name=\"twitter:data1\" content=\"3 minutes\" \/>\n<script type=\"application\/ld+json\" class=\"yoast-schema-graph\">{\"@context\":\"https:\\\/\\\/schema.org\",\"@graph\":[{\"@type\":\"WebPage\",\"@id\":\"https:\\\/\\\/lumenus.fr\\\/la-collab\\\/\",\"url\":\"https:\\\/\\\/lumenus.fr\\\/la-collab\\\/\",\"name\":\"Lumenus X Optique - verres correcteurs | Collaboration De Stijl\",\"isPartOf\":{\"@id\":\"https:\\\/\\\/lumenus.fr\\\/#website\"},\"primaryImageOfPage\":{\"@id\":\"https:\\\/\\\/lumenus.fr\\\/la-collab\\\/#primaryimage\"},\"image\":{\"@id\":\"https:\\\/\\\/lumenus.fr\\\/la-collab\\\/#primaryimage\"},\"thumbnailUrl\":\"https:\\\/\\\/lumenus.fr\\\/wp-content\\\/uploads\\\/2024\\\/12\\\/logo-LUMENUS-DE-STIJL-orange.png\",\"datePublished\":\"2026-08-03T23:23:48+00:00\",\"dateModified\":\"2026-08-03T23:46:49+00:00\",\"description\":\"Lunettes de soleil adaptables en verres correcteurs gr\u00e2ce \u00e0 la technicit\u00e9 optique De Stijl : charni\u00e8re brevet\u00e9e centrage pr\u00e9cis et r\u00e9seau d\u2019opticiens partenaires \u00e9tendu. Une collaboration De Stijl qui fait du sens.\",\"breadcrumb\":{\"@id\":\"https:\\\/\\\/lumenus.fr\\\/la-collab\\\/#breadcrumb\"},\"inLanguage\":\"en-US\",\"potentialAction\":[{\"@type\":\"ReadAction\",\"target\":[\"https:\\\/\\\/lumenus.fr\\\/la-collab\\\/\"]}]},{\"@type\":\"ImageObject\",\"inLanguage\":\"en-US\",\"@id\":\"https:\\\/\\\/lumenus.fr\\\/la-collab\\\/#primaryimage\",\"url\":\"https:\\\/\\\/lumenus.fr\\\/wp-content\\\/uploads\\\/2024\\\/12\\\/logo-LUMENUS-DE-STIJL-orange.png\",\"contentUrl\":\"https:\\\/\\\/lumenus.fr\\\/wp-content\\\/uploads\\\/2024\\\/12\\\/logo-LUMENUS-DE-STIJL-orange.png\",\"width\":600,\"height\":109,\"caption\":\"Collaboration avec le fabricant optique De Stijl\"},{\"@type\":\"BreadcrumbList\",\"@id\":\"https:\\\/\\\/lumenus.fr\\\/la-collab\\\/#breadcrumb\",\"itemListElement\":[{\"@type\":\"ListItem\",\"position\":1,\"name\":\"Accueil\",\"item\":\"https:\\\/\\\/lumenus.fr\\\/\"},{\"@type\":\"ListItem\",\"position\":2,\"name\":\"Lumenus X Optique\"}]},{\"@type\":\"WebSite\",\"@id\":\"https:\\\/\\\/lumenus.fr\\\/#website\",\"url\":\"https:\\\/\\\/lumenus.fr\\\/\",\"name\":\"Lumenus\",\"description\":\"Une monture de designer en un seul exemplaire\",\"publisher\":{\"@id\":\"https:\\\/\\\/lumenus.fr\\\/#organization\"},\"potentialAction\":[{\"@type\":\"SearchAction\",\"target\":{\"@type\":\"EntryPoint\",\"urlTemplate\":\"https:\\\/\\\/lumenus.fr\\\/?s={search_term_string}\"},\"query-input\":{\"@type\":\"PropertyValueSpecification\",\"valueRequired\":true,\"valueName\":\"search_term_string\"}}],\"inLanguage\":\"en-US\"},{\"@type\":\"Organization\",\"@id\":\"https:\\\/\\\/lumenus.fr\\\/#organization\",\"name\":\"Lumenus\",\"url\":\"https:\\\/\\\/lumenus.fr\\\/\",\"logo\":{\"@type\":\"ImageObject\",\"inLanguage\":\"en-US\",\"@id\":\"https:\\\/\\\/lumenus.fr\\\/#\\\/schema\\\/logo\\\/image\\\/\",\"url\":\"https:\\\/\\\/lumenus.fr\\\/wp-content\\\/uploads\\\/2024\\\/12\\\/logo-LUMENUS-noir-1.png\",\"contentUrl\":\"https:\\\/\\\/lumenus.fr\\\/wp-content\\\/uploads\\\/2024\\\/12\\\/logo-LUMENUS-noir-1.png\",\"width\":600,\"height\":109,\"caption\":\"Lumenus\"},\"image\":{\"@id\":\"https:\\\/\\\/lumenus.fr\\\/#\\\/schema\\\/logo\\\/image\\\/\"}}]}<\/script>\n<!-- \/ Yoast SEO plugin. -->","yoast_head_json":{"title":"Lumenus X Optique - verres correcteurs | Collaboration De Stijl","description":"Lunettes de soleil adaptables en verres correcteurs gr\u00e2ce \u00e0 la technicit\u00e9 optique De Stijl : charni\u00e8re brevet\u00e9e centrage pr\u00e9cis et r\u00e9seau d\u2019opticiens partenaires \u00e9tendu. Une collaboration De Stijl qui fait du sens.","robots":{"index":"index","follow":"follow","max-snippet":"max-snippet:-1","max-image-preview":"max-image-preview:large","max-video-preview":"max-video-preview:-1"},"canonical":"https:\/\/lumenus.fr\/en\/la-collab\/","og_locale":"en_US","og_type":"article","og_title":"Lumenus X Optique - verres correcteurs | Collaboration De Stijl","og_description":"Lunettes de soleil adaptables en verres correcteurs gr\u00e2ce \u00e0 la technicit\u00e9 optique De Stijl : charni\u00e8re brevet\u00e9e centrage pr\u00e9cis et r\u00e9seau d\u2019opticiens partenaires \u00e9tendu. Une collaboration De Stijl qui fait du sens.","og_url":"https:\/\/lumenus.fr\/en\/la-collab\/","og_site_name":"Lumenus","article_modified_time":"2026-08-03T23:46:49+00:00","og_image":[{"width":600,"height":80,"url":"https:\/\/lumenus.fr\/wp-content\/uploads\/2025\/09\/logo-LUMENUS-x-DE-STIJL-orange.png","type":"image\/png"}],"twitter_card":"summary_large_image","twitter_misc":{"Est. reading time":"3 minutes"},"schema":{"@context":"https:\/\/schema.org","@graph":[{"@type":"WebPage","@id":"https:\/\/lumenus.fr\/la-collab\/","url":"https:\/\/lumenus.fr\/la-collab\/","name":"Lumenus X Optique - verres correcteurs | Collaboration De Stijl","isPartOf":{"@id":"https:\/\/lumenus.fr\/#website"},"primaryImageOfPage":{"@id":"https:\/\/lumenus.fr\/la-collab\/#primaryimage"},"image":{"@id":"https:\/\/lumenus.fr\/la-collab\/#primaryimage"},"thumbnailUrl":"https:\/\/lumenus.fr\/wp-content\/uploads\/2024\/12\/logo-LUMENUS-DE-STIJL-orange.png","datePublished":"2026-08-03T23:23:48+00:00","dateModified":"2026-08-03T23:46:49+00:00","description":"Lunettes de soleil adaptables en verres correcteurs gr\u00e2ce \u00e0 la technicit\u00e9 optique De Stijl : charni\u00e8re brevet\u00e9e centrage pr\u00e9cis et r\u00e9seau d\u2019opticiens partenaires \u00e9tendu. Une collaboration De Stijl qui fait du sens.","breadcrumb":{"@id":"https:\/\/lumenus.fr\/la-collab\/#breadcrumb"},"inLanguage":"en-US","potentialAction":[{"@type":"ReadAction","target":["https:\/\/lumenus.fr\/la-collab\/"]}]},{"@type":"ImageObject","inLanguage":"en-US","@id":"https:\/\/lumenus.fr\/la-collab\/#primaryimage","url":"https:\/\/lumenus.fr\/wp-content\/uploads\/2024\/12\/logo-LUMENUS-DE-STIJL-orange.png","contentUrl":"https:\/\/lumenus.fr\/wp-content\/uploads\/2024\/12\/logo-LUMENUS-DE-STIJL-orange.png","width":600,"height":109,"caption":"Collaboration avec le fabricant optique De Stijl"},{"@type":"BreadcrumbList","@id":"https:\/\/lumenus.fr\/la-collab\/#breadcrumb","itemListElement":[{"@type":"ListItem","position":1,"name":"Accueil","item":"https:\/\/lumenus.fr\/"},{"@type":"ListItem","position":2,"name":"Lumenus X Optique"}]},{"@type":"WebSite","@id":"https:\/\/lumenus.fr\/#website","url":"https:\/\/lumenus.fr\/","name":"Lumenus","description":"Une monture de designer en un seul exemplaire","publisher":{"@id":"https:\/\/lumenus.fr\/#organization"},"potentialAction":[{"@type":"SearchAction","target":{"@type":"EntryPoint","urlTemplate":"https:\/\/lumenus.fr\/?s={search_term_string}"},"query-input":{"@type":"PropertyValueSpecification","valueRequired":true,"valueName":"search_term_string"}}],"inLanguage":"en-US"},{"@type":"Organization","@id":"https:\/\/lumenus.fr\/#organization","name":"Lumenus","url":"https:\/\/lumenus.fr\/","logo":{"@type":"ImageObject","inLanguage":"en-US","@id":"https:\/\/lumenus.fr\/#\/schema\/logo\/image\/","url":"https:\/\/lumenus.fr\/wp-content\/uploads\/2024\/12\/logo-LUMENUS-noir-1.png","contentUrl":"https:\/\/lumenus.fr\/wp-content\/uploads\/2024\/12\/logo-LUMENUS-noir-1.png","width":600,"height":109,"caption":"Lumenus"},"image":{"@id":"https:\/\/lumenus.fr\/#\/schema\/logo\/image\/"}}]}},"_links":{"self":[{"href":"https:\/\/lumenus.fr\/en\/wp-json\/wp\/v2\/pages\/16486","targetHints":{"allow":["GET"]}}],"collection":[{"href":"https:\/\/lumenus.fr\/en\/wp-json\/wp\/v2\/pages"}],"about":[{"href":"https:\/\/lumenus.fr\/en\/wp-json\/wp\/v2\/types\/page"}],"author":[{"embeddable":true,"href":"https:\/\/lumenus.fr\/en\/wp-json\/wp\/v2\/users\/2"}],"replies":[{"embeddable":true,"href":"https:\/\/lumenus.fr\/en\/wp-json\/wp\/v2\/comments?post=16486"}],"version-history":[{"count":7,"href":"https:\/\/lumenus.fr\/en\/wp-json\/wp\/v2\/pages\/16486\/revisions"}],"predecessor-version":[{"id":16493,"href":"https:\/\/lumenus.fr\/en\/wp-json\/wp\/v2\/pages\/16486\/revisions\/16493"}],"wp:featuredmedia":[{"embeddable":true,"href":"https:\/\/lumenus.fr\/en\/wp-json\/wp\/v2\/media\/1311"}],"wp:attachment":[{"href":"https:\/\/lumenus.fr\/en\/wp-json\/wp\/v2\/media?parent=16486"}],"curies":[{"name":"wp","href":"https:\/\/api.w.org\/{rel}","templated":true}]}}